{"id":410,"date":"2016-11-19T14:37:47","date_gmt":"2016-11-19T14:37:47","guid":{"rendered":"http:\/\/www.oficiantebodasciviles.es\/fr\/?page_id=410"},"modified":"2025-04-22T12:29:05","modified_gmt":"2025-04-22T11:29:05","slug":"ceremonies-de-mariages-civiles","status":"publish","type":"page","link":"https:\/\/www.oficiantebodasciviles.es\/fr\/","title":{"rendered":"C\u00e9r\u00e9monies de Mariages Civiles"},"content":{"rendered":"<p>Je m&#8217;appelle\u00a0<span style=\"color: #ff0000;\"><a href=\"https:\/\/www.oficiantebodasciviles.es\/fr\/contact\/\">Antonio Gazules<\/a>\u00a0<\/span>et je vous offre la possibilit\u00e9 de r\u00e9aliser v\u00f4tre c\u00e9r\u00e9monie symbolique en fran\u00e7ais, anglais, espagnol \u00e0 Marbella ( Malaga ) ou dans le reste de l&#8217;Andalousie s&#8217;il le faut.<\/p>\n<p><img loading=\"lazy\" decoding=\"async\" class=\"alignnone wp-image-130 size-full\" src=\"https:\/\/www.oficiantebodasciviles.es\/wp-content\/uploads\/2016\/08\/Portada-Oficiante-ceremonias-civiles_Sotogrande.jpg\" alt=\"Officiant de mariages civiles \u00e0 Sevilla, Malaga, Cordoba, Cordue, Seville, Granada, Grenade, Almeria, Jaen, Marbella, Tarifa\" width=\"864\" height=\"403\" srcset=\"https:\/\/www.oficiantebodasciviles.es\/wp-content\/uploads\/2016\/08\/Portada-Oficiante-ceremonias-civiles_Sotogrande.jpg 864w, https:\/\/www.oficiantebodasciviles.es\/wp-content\/uploads\/2016\/08\/Portada-Oficiante-ceremonias-civiles_Sotogrande-560x261.jpg 560w, https:\/\/www.oficiantebodasciviles.es\/wp-content\/uploads\/2016\/08\/Portada-Oficiante-ceremonias-civiles_Sotogrande-300x140.jpg 300w, https:\/\/www.oficiantebodasciviles.es\/wp-content\/uploads\/2016\/08\/Portada-Oficiante-ceremonias-civiles_Sotogrande-768x358.jpg 768w, https:\/\/www.oficiantebodasciviles.es\/wp-content\/uploads\/2016\/08\/Portada-Oficiante-ceremonias-civiles_Sotogrande-750x350.jpg 750w\" sizes=\"auto, (max-width: 864px) 100vw, 864px\" \/><\/p>\n<p>Nous faissons de c\u00e9r\u00e9monies de mariages symboliques en fran\u00e7ais \u00e0 Sevilla, Granada, Cordoba, Almeria, Jaen, Cadiz, Malaga et dan toute l`Andalousie: si vous chercher un officiant de c\u00e9r\u00e9monies la\u00efque on vous offre le service en fran\u00e7ais, anglais, espagnol, italian, portugu\u00e8s, allemand et suedois.<\/p>\n<p>Contactez nous pour un rendez-vous sur skype pour parler de votre c\u00e9r\u00e9monie en Espagne et decider sur notre \u00a0service.<\/p>\n<p><a href=\"mailto:antonio@oficiantemalaga.es\">antonio@oficiantemalaga.es<\/a><\/p>\n<p><img loading=\"lazy\" decoding=\"async\" class=\"alignnone wp-image-128 size-full\" src=\"https:\/\/www.oficiantebodasciviles.es\/wp-content\/uploads\/2016\/08\/Wedding-minister-english-spanish-french-portugues-italian-german-swedish.jpg\" alt=\"c\u00e9r\u00e9monies civiles Andalousie. Wedding minister english spanish french portugues italian german swedish\" width=\"920\" height=\"77\" \/><\/p>\n","protected":false},"excerpt":{"rendered":"<p>Je m&#8217;appelle\u00a0Antonio Gazules\u00a0et je vous offre la possibilit\u00e9 de r\u00e9aliser v\u00f4tre c\u00e9r\u00e9monie symbolique en fran\u00e7ais, anglais, espagnol \u00e0 Marbella ( Malaga ) ou dans le reste de l&#8217;Andalousie s&#8217;il le faut. Nous faissons de c\u00e9r\u00e9monies de mariages symboliques en fran\u00e7ais \u00e0 Sevilla, Granada, Cordoba, Almeria, Jaen, Cadiz, Malaga et dan[&#8230;]<\/p>\n","protected":false},"author":1,"featured_media":0,"parent":0,"menu_order":0,"comment_status":"closed","ping_status":"open","template":"","meta":{"footnotes":""},"class_list":["post-410","page","type-page","status-publish","hentry"],"yoast_head":"<!-- This site is optimized with the Yoast SEO plugin v27.5 - https:\/\/yoast.com\/product\/yoast-seo-wordpress\/ -->\n<title>Ceremonies de Mariages Civiles symboliques \u00e0 Marbella (M\u00e1laga), Sevilla, Cordoba, Granada, Almeria, Tarifa<\/title>\n<meta name=\"description\" content=\"C\u00e9l\u00e9brant de C\u00e9r\u00e9monies de mariages civiles la\u00efques en fran\u00e7ais dans toute l`Andalousie ( Granada, Seville, Malaga, Cordoba, Almeria): service en fran\u00e7ais, anglais, espagnol, italian, portugu\u00e8s, allemand et suedois.\" \/>\n<meta name=\"robots\" content=\"index, follow, max-snippet:-1, max-image-preview:large, max-video-preview:-1\" \/>\n<link rel=\"canonical\" href=\"https:\/\/www.oficiantebodasciviles.es\/fr\/\" \/>\n<meta property=\"og:locale\" content=\"fr_FR\" \/>\n<meta property=\"og:type\" content=\"article\" \/>\n<meta property=\"og:title\" content=\"Ceremonies de Mariages Civiles symboliques \u00e0 Marbella (M\u00e1laga), Sevilla, Cordoba, Granada, Almeria, Tarifa\" \/>\n<meta property=\"og:description\" content=\"C\u00e9l\u00e9brant de C\u00e9r\u00e9monies de mariages civiles la\u00efques en fran\u00e7ais dans toute l`Andalousie ( Granada, Seville, Malaga, Cordoba, Almeria): service en fran\u00e7ais, anglais, espagnol, italian, portugu\u00e8s, allemand et suedois.\" \/>\n<meta property=\"og:url\" content=\"https:\/\/www.oficiantebodasciviles.es\/fr\/\" \/>\n<meta property=\"og:site_name\" content=\"Officiant celebrant de mariages civils \u00e0 Malaga et province\" \/>\n<meta property=\"article:modified_time\" content=\"2025-04-22T11:29:05+00:00\" \/>\n<meta property=\"og:image\" content=\"https:\/\/www.oficiantebodasciviles.es\/wp-content\/uploads\/2016\/08\/Portada-Oficiante-ceremonias-civiles_Sotogrande.jpg\" \/>\n\t<meta property=\"og:image:width\" content=\"864\" \/>\n\t<meta property=\"og:image:height\" content=\"403\" \/>\n\t<meta property=\"og:image:type\" content=\"image\/jpeg\" \/>\n<meta name=\"twitter:card\" content=\"summary_large_image\" \/>\n<meta name=\"twitter:label1\" content=\"Dur\u00e9e de lecture estim\u00e9e\" \/>\n\t<meta name=\"twitter:data1\" content=\"1 minute\" \/>\n<script type=\"application\/ld+json\" class=\"yoast-schema-graph\">{\"@context\":\"https:\\\/\\\/schema.org\",\"@graph\":[{\"@type\":\"WebPage\",\"@id\":\"https:\\\/\\\/www.oficiantebodasciviles.es\\\/fr\\\/\",\"url\":\"https:\\\/\\\/www.oficiantebodasciviles.es\\\/fr\\\/\",\"name\":\"Ceremonies de Mariages Civiles symboliques \u00e0 Marbella (M\u00e1laga), Sevilla, Cordoba, Granada, Almeria, Tarifa\",\"isPartOf\":{\"@id\":\"https:\\\/\\\/www.oficiantebodasciviles.es\\\/fr\\\/#website\"},\"primaryImageOfPage\":{\"@id\":\"https:\\\/\\\/www.oficiantebodasciviles.es\\\/fr\\\/#primaryimage\"},\"image\":{\"@id\":\"https:\\\/\\\/www.oficiantebodasciviles.es\\\/fr\\\/#primaryimage\"},\"thumbnailUrl\":\"https:\\\/\\\/www.oficiantebodasciviles.es\\\/wp-content\\\/uploads\\\/2016\\\/08\\\/Portada-Oficiante-ceremonias-civiles_Sotogrande.jpg\",\"datePublished\":\"2016-11-19T14:37:47+00:00\",\"dateModified\":\"2025-04-22T11:29:05+00:00\",\"description\":\"C\u00e9l\u00e9brant de C\u00e9r\u00e9monies de mariages civiles la\u00efques en fran\u00e7ais dans toute l`Andalousie ( Granada, Seville, Malaga, Cordoba, Almeria): service en fran\u00e7ais, anglais, espagnol, italian, portugu\u00e8s, allemand et suedois.\",\"breadcrumb\":{\"@id\":\"https:\\\/\\\/www.oficiantebodasciviles.es\\\/fr\\\/#breadcrumb\"},\"inLanguage\":\"fr-FR\",\"potentialAction\":[{\"@type\":\"ReadAction\",\"target\":[\"https:\\\/\\\/www.oficiantebodasciviles.es\\\/fr\\\/\"]}]},{\"@type\":\"ImageObject\",\"inLanguage\":\"fr-FR\",\"@id\":\"https:\\\/\\\/www.oficiantebodasciviles.es\\\/fr\\\/#primaryimage\",\"url\":\"https:\\\/\\\/www.oficiantebodasciviles.es\\\/wp-content\\\/uploads\\\/2016\\\/08\\\/Portada-Oficiante-ceremonias-civiles_Sotogrande.jpg\",\"contentUrl\":\"https:\\\/\\\/www.oficiantebodasciviles.es\\\/wp-content\\\/uploads\\\/2016\\\/08\\\/Portada-Oficiante-ceremonias-civiles_Sotogrande.jpg\"},{\"@type\":\"BreadcrumbList\",\"@id\":\"https:\\\/\\\/www.oficiantebodasciviles.es\\\/fr\\\/#breadcrumb\",\"itemListElement\":[{\"@type\":\"ListItem\",\"position\":1,\"name\":\"Portada\",\"item\":\"https:\\\/\\\/www.oficiantebodasciviles.es\\\/fr\\\/\"},{\"@type\":\"ListItem\",\"position\":2,\"name\":\"C\u00e9r\u00e9monies de Mariages Civiles\"}]},{\"@type\":\"WebSite\",\"@id\":\"https:\\\/\\\/www.oficiantebodasciviles.es\\\/fr\\\/#website\",\"url\":\"https:\\\/\\\/www.oficiantebodasciviles.es\\\/fr\\\/\",\"name\":\"Oficiantes\",\"description\":\"Bodas civiles en Andaluc\u00eda.\",\"publisher\":{\"@id\":\"https:\\\/\\\/www.oficiantebodasciviles.es\\\/fr\\\/#organization\"},\"potentialAction\":[{\"@type\":\"SearchAction\",\"target\":{\"@type\":\"EntryPoint\",\"urlTemplate\":\"https:\\\/\\\/www.oficiantebodasciviles.es\\\/fr\\\/?s={search_term_string}\"},\"query-input\":{\"@type\":\"PropertyValueSpecification\",\"valueRequired\":true,\"valueName\":\"search_term_string\"}}],\"inLanguage\":\"fr-FR\"},{\"@type\":\"Organization\",\"@id\":\"https:\\\/\\\/www.oficiantebodasciviles.es\\\/fr\\\/#organization\",\"name\":\"Oficiantes Andaluc\u00eda\",\"url\":\"https:\\\/\\\/www.oficiantebodasciviles.es\\\/fr\\\/\",\"logo\":{\"@type\":\"ImageObject\",\"inLanguage\":\"fr-FR\",\"@id\":\"https:\\\/\\\/www.oficiantebodasciviles.es\\\/fr\\\/#\\\/schema\\\/logo\\\/image\\\/\",\"url\":\"https:\\\/\\\/www.oficiantebodasciviles.es\\\/wp-content\\\/uploads\\\/2016\\\/08\\\/Tarjeta-oficiante-bodas-300x300-1.png\",\"contentUrl\":\"https:\\\/\\\/www.oficiantebodasciviles.es\\\/wp-content\\\/uploads\\\/2016\\\/08\\\/Tarjeta-oficiante-bodas-300x300-1.png\",\"width\":142,\"height\":136,\"caption\":\"Oficiantes Andaluc\u00eda\"},\"image\":{\"@id\":\"https:\\\/\\\/www.oficiantebodasciviles.es\\\/fr\\\/#\\\/schema\\\/logo\\\/image\\\/\"}}]}<\/script>\n<!-- \/ Yoast SEO plugin. -->","yoast_head_json":{"title":"Ceremonies de Mariages Civiles symboliques \u00e0 Marbella (M\u00e1laga), Sevilla, Cordoba, Granada, Almeria, Tarifa","description":"C\u00e9l\u00e9brant de C\u00e9r\u00e9monies de mariages civiles la\u00efques en fran\u00e7ais dans toute l`Andalousie ( Granada, Seville, Malaga, Cordoba, Almeria): service en fran\u00e7ais, anglais, espagnol, italian, portugu\u00e8s, allemand et suedois.","robots":{"index":"index","follow":"follow","max-snippet":"max-snippet:-1","max-image-preview":"max-image-preview:large","max-video-preview":"max-video-preview:-1"},"canonical":"https:\/\/www.oficiantebodasciviles.es\/fr\/","og_locale":"fr_FR","og_type":"article","og_title":"Ceremonies de Mariages Civiles symboliques \u00e0 Marbella (M\u00e1laga), Sevilla, Cordoba, Granada, Almeria, Tarifa","og_description":"C\u00e9l\u00e9brant de C\u00e9r\u00e9monies de mariages civiles la\u00efques en fran\u00e7ais dans toute l`Andalousie ( Granada, Seville, Malaga, Cordoba, Almeria): service en fran\u00e7ais, anglais, espagnol, italian, portugu\u00e8s, allemand et suedois.","og_url":"https:\/\/www.oficiantebodasciviles.es\/fr\/","og_site_name":"Officiant celebrant de mariages civils \u00e0 Malaga et province","article_modified_time":"2025-04-22T11:29:05+00:00","og_image":[{"width":864,"height":403,"url":"https:\/\/www.oficiantebodasciviles.es\/wp-content\/uploads\/2016\/08\/Portada-Oficiante-ceremonias-civiles_Sotogrande.jpg","type":"image\/jpeg"}],"twitter_card":"summary_large_image","twitter_misc":{"Dur\u00e9e de lecture estim\u00e9e":"1 minute"},"schema":{"@context":"https:\/\/schema.org","@graph":[{"@type":"WebPage","@id":"https:\/\/www.oficiantebodasciviles.es\/fr\/","url":"https:\/\/www.oficiantebodasciviles.es\/fr\/","name":"Ceremonies de Mariages Civiles symboliques \u00e0 Marbella (M\u00e1laga), Sevilla, Cordoba, Granada, Almeria, Tarifa","isPartOf":{"@id":"https:\/\/www.oficiantebodasciviles.es\/fr\/#website"},"primaryImageOfPage":{"@id":"https:\/\/www.oficiantebodasciviles.es\/fr\/#primaryimage"},"image":{"@id":"https:\/\/www.oficiantebodasciviles.es\/fr\/#primaryimage"},"thumbnailUrl":"https:\/\/www.oficiantebodasciviles.es\/wp-content\/uploads\/2016\/08\/Portada-Oficiante-ceremonias-civiles_Sotogrande.jpg","datePublished":"2016-11-19T14:37:47+00:00","dateModified":"2025-04-22T11:29:05+00:00","description":"C\u00e9l\u00e9brant de C\u00e9r\u00e9monies de mariages civiles la\u00efques en fran\u00e7ais dans toute l`Andalousie ( Granada, Seville, Malaga, Cordoba, Almeria): service en fran\u00e7ais, anglais, espagnol, italian, portugu\u00e8s, allemand et suedois.","breadcrumb":{"@id":"https:\/\/www.oficiantebodasciviles.es\/fr\/#breadcrumb"},"inLanguage":"fr-FR","potentialAction":[{"@type":"ReadAction","target":["https:\/\/www.oficiantebodasciviles.es\/fr\/"]}]},{"@type":"ImageObject","inLanguage":"fr-FR","@id":"https:\/\/www.oficiantebodasciviles.es\/fr\/#primaryimage","url":"https:\/\/www.oficiantebodasciviles.es\/wp-content\/uploads\/2016\/08\/Portada-Oficiante-ceremonias-civiles_Sotogrande.jpg","contentUrl":"https:\/\/www.oficiantebodasciviles.es\/wp-content\/uploads\/2016\/08\/Portada-Oficiante-ceremonias-civiles_Sotogrande.jpg"},{"@type":"BreadcrumbList","@id":"https:\/\/www.oficiantebodasciviles.es\/fr\/#breadcrumb","itemListElement":[{"@type":"ListItem","position":1,"name":"Portada","item":"https:\/\/www.oficiantebodasciviles.es\/fr\/"},{"@type":"ListItem","position":2,"name":"C\u00e9r\u00e9monies de Mariages Civiles"}]},{"@type":"WebSite","@id":"https:\/\/www.oficiantebodasciviles.es\/fr\/#website","url":"https:\/\/www.oficiantebodasciviles.es\/fr\/","name":"Oficiantes","description":"Bodas civiles en Andaluc\u00eda.","publisher":{"@id":"https:\/\/www.oficiantebodasciviles.es\/fr\/#organization"},"potentialAction":[{"@type":"SearchAction","target":{"@type":"EntryPoint","urlTemplate":"https:\/\/www.oficiantebodasciviles.es\/fr\/?s={search_term_string}"},"query-input":{"@type":"PropertyValueSpecification","valueRequired":true,"valueName":"search_term_string"}}],"inLanguage":"fr-FR"},{"@type":"Organization","@id":"https:\/\/www.oficiantebodasciviles.es\/fr\/#organization","name":"Oficiantes Andaluc\u00eda","url":"https:\/\/www.oficiantebodasciviles.es\/fr\/","logo":{"@type":"ImageObject","inLanguage":"fr-FR","@id":"https:\/\/www.oficiantebodasciviles.es\/fr\/#\/schema\/logo\/image\/","url":"https:\/\/www.oficiantebodasciviles.es\/wp-content\/uploads\/2016\/08\/Tarjeta-oficiante-bodas-300x300-1.png","contentUrl":"https:\/\/www.oficiantebodasciviles.es\/wp-content\/uploads\/2016\/08\/Tarjeta-oficiante-bodas-300x300-1.png","width":142,"height":136,"caption":"Oficiantes Andaluc\u00eda"},"image":{"@id":"https:\/\/www.oficiantebodasciviles.es\/fr\/#\/schema\/logo\/image\/"}}]}},"_links":{"self":[{"href":"https:\/\/www.oficiantebodasciviles.es\/fr\/wp-json\/wp\/v2\/pages\/410","targetHints":{"allow":["GET"]}}],"collection":[{"href":"https:\/\/www.oficiantebodasciviles.es\/fr\/wp-json\/wp\/v2\/pages"}],"about":[{"href":"https:\/\/www.oficiantebodasciviles.es\/fr\/wp-json\/wp\/v2\/types\/page"}],"author":[{"embeddable":true,"href":"https:\/\/www.oficiantebodasciviles.es\/fr\/wp-json\/wp\/v2\/users\/1"}],"replies":[{"embeddable":true,"href":"https:\/\/www.oficiantebodasciviles.es\/fr\/wp-json\/wp\/v2\/comments?post=410"}],"version-history":[{"count":12,"href":"https:\/\/www.oficiantebodasciviles.es\/fr\/wp-json\/wp\/v2\/pages\/410\/revisions"}],"predecessor-version":[{"id":7330,"href":"https:\/\/www.oficiantebodasciviles.es\/fr\/wp-json\/wp\/v2\/pages\/410\/revisions\/7330"}],"wp:attachment":[{"href":"https:\/\/www.oficiantebodasciviles.es\/fr\/wp-json\/wp\/v2\/media?parent=410"}],"curies":[{"name":"wp","href":"https:\/\/api.w.org\/{rel}","templated":true}]}}