{"id":295,"date":"2016-08-30T11:17:43","date_gmt":"2016-08-30T11:17:43","guid":{"rendered":"http:\/\/www.oficiantebodasciviles.es\/wp-content\/uploads\/2016\/08\/Portada-Oficiante-ceremonias-civiles.jpg"},"modified":"2016-11-19T14:37:48","modified_gmt":"2016-11-19T14:37:48","slug":"portada-oficiante-ceremonias-civiles-2","status":"inherit","type":"attachment","link":"https:\/\/www.oficiantebodasciviles.es\/fr\/ceremonies-de-mariages-civiles\/portada-oficiante-ceremonias-civiles-2\/","title":{"rendered":"Portada Oficiante ceremonias civiles Motril, Granada"},"author":1,"featured_media":0,"comment_status":"open","ping_status":"closed","template":"","meta":[],"class_list":["post-295","attachment","type-attachment","status-inherit","hentry"],"yoast_head":"<!-- This site is optimized with the Yoast SEO plugin v27.5 - https:\/\/yoast.com\/product\/yoast-seo-wordpress\/ -->\n<title>Portada Oficiante ceremonias civiles Motril, Granada - Officiant celebrant de mariages civils \u00e0 Malaga et province<\/title>\n<meta name=\"description\" content=\"C\u00e9lebrant de c\u00e9r\u00e9monies civiles Malaga\" \/>\n<meta name=\"robots\" content=\"index, follow, max-snippet:-1, max-image-preview:large, max-video-preview:-1\" \/>\n<link rel=\"canonical\" href=\"https:\/\/www.oficiantebodasciviles.es\/fr\/ceremonies-de-mariages-civiles\/portada-oficiante-ceremonias-civiles-2\/\" \/>\n<meta property=\"og:locale\" content=\"fr_FR\" \/>\n<meta property=\"og:type\" content=\"article\" \/>\n<meta property=\"og:title\" content=\"Portada Oficiante ceremonias civiles Motril, Granada - Officiant celebrant de mariages civils \u00e0 Malaga et province\" \/>\n<meta property=\"og:description\" content=\"C\u00e9lebrant de c\u00e9r\u00e9monies civiles Malaga\" \/>\n<meta property=\"og:url\" content=\"https:\/\/www.oficiantebodasciviles.es\/fr\/ceremonies-de-mariages-civiles\/portada-oficiante-ceremonias-civiles-2\/\" \/>\n<meta property=\"og:site_name\" content=\"Officiant celebrant de mariages civils \u00e0 Malaga et province\" \/>\n<meta property=\"article:modified_time\" content=\"2016-11-19T14:37:48+00:00\" \/>\n<meta property=\"og:image\" content=\"https:\/\/www.oficiantebodasciviles.es\/wp-content\/uploads\/2016\/08\/Portada-Oficiante-ceremonias-civiles.jpg\" \/>\n\t<meta property=\"og:image:width\" content=\"948\" \/>\n\t<meta property=\"og:image:height\" content=\"711\" \/>\n\t<meta property=\"og:image:type\" content=\"image\/jpeg\" \/>\n<meta name=\"twitter:card\" content=\"summary_large_image\" \/>\n<script type=\"application\/ld+json\" class=\"yoast-schema-graph\">{\"@context\":\"https:\\\/\\\/schema.org\",\"@graph\":[{\"@type\":\"WebPage\",\"@id\":\"https:\\\/\\\/www.oficiantebodasciviles.es\\\/fr\\\/ceremonies-de-mariages-civiles\\\/portada-oficiante-ceremonias-civiles-2\\\/\",\"url\":\"https:\\\/\\\/www.oficiantebodasciviles.es\\\/fr\\\/ceremonies-de-mariages-civiles\\\/portada-oficiante-ceremonias-civiles-2\\\/\",\"name\":\"Portada Oficiante ceremonias civiles Motril, Granada - Officiant celebrant de mariages civils \u00e0 Malaga et province\",\"isPartOf\":{\"@id\":\"https:\\\/\\\/www.oficiantebodasciviles.es\\\/fr\\\/#website\"},\"datePublished\":\"2016-08-30T11:17:43+00:00\",\"dateModified\":\"2016-11-19T14:37:48+00:00\",\"description\":\"C\u00e9lebrant de c\u00e9r\u00e9monies civiles Malaga\",\"breadcrumb\":{\"@id\":\"https:\\\/\\\/www.oficiantebodasciviles.es\\\/fr\\\/ceremonies-de-mariages-civiles\\\/portada-oficiante-ceremonias-civiles-2\\\/#breadcrumb\"},\"inLanguage\":\"fr-FR\",\"potentialAction\":[{\"@type\":\"ReadAction\",\"target\":[\"https:\\\/\\\/www.oficiantebodasciviles.es\\\/fr\\\/ceremonies-de-mariages-civiles\\\/portada-oficiante-ceremonias-civiles-2\\\/\"]}]},{\"@type\":\"BreadcrumbList\",\"@id\":\"https:\\\/\\\/www.oficiantebodasciviles.es\\\/fr\\\/ceremonies-de-mariages-civiles\\\/portada-oficiante-ceremonias-civiles-2\\\/#breadcrumb\",\"itemListElement\":[{\"@type\":\"ListItem\",\"position\":1,\"name\":\"Portada\",\"item\":\"https:\\\/\\\/www.oficiantebodasciviles.es\\\/fr\\\/\"},{\"@type\":\"ListItem\",\"position\":2,\"name\":\"C\u00e9r\u00e9monies de Mariages Civiles\",\"item\":\"https:\\\/\\\/www.oficiantebodasciviles.es\\\/fr\\\/\"},{\"@type\":\"ListItem\",\"position\":3,\"name\":\"Portada Oficiante ceremonias civiles Motril, Granada\"}]},{\"@type\":\"WebSite\",\"@id\":\"https:\\\/\\\/www.oficiantebodasciviles.es\\\/fr\\\/#website\",\"url\":\"https:\\\/\\\/www.oficiantebodasciviles.es\\\/fr\\\/\",\"name\":\"Oficiantes\",\"description\":\"Bodas civiles en Andaluc\u00eda.\",\"publisher\":{\"@id\":\"https:\\\/\\\/www.oficiantebodasciviles.es\\\/fr\\\/#organization\"},\"potentialAction\":[{\"@type\":\"SearchAction\",\"target\":{\"@type\":\"EntryPoint\",\"urlTemplate\":\"https:\\\/\\\/www.oficiantebodasciviles.es\\\/fr\\\/?s={search_term_string}\"},\"query-input\":{\"@type\":\"PropertyValueSpecification\",\"valueRequired\":true,\"valueName\":\"search_term_string\"}}],\"inLanguage\":\"fr-FR\"},{\"@type\":\"Organization\",\"@id\":\"https:\\\/\\\/www.oficiantebodasciviles.es\\\/fr\\\/#organization\",\"name\":\"Oficiantes Andaluc\u00eda\",\"url\":\"https:\\\/\\\/www.oficiantebodasciviles.es\\\/fr\\\/\",\"logo\":{\"@type\":\"ImageObject\",\"inLanguage\":\"fr-FR\",\"@id\":\"https:\\\/\\\/www.oficiantebodasciviles.es\\\/fr\\\/#\\\/schema\\\/logo\\\/image\\\/\",\"url\":\"https:\\\/\\\/www.oficiantebodasciviles.es\\\/wp-content\\\/uploads\\\/2016\\\/08\\\/Tarjeta-oficiante-bodas-300x300-1.png\",\"contentUrl\":\"https:\\\/\\\/www.oficiantebodasciviles.es\\\/wp-content\\\/uploads\\\/2016\\\/08\\\/Tarjeta-oficiante-bodas-300x300-1.png\",\"width\":142,\"height\":136,\"caption\":\"Oficiantes Andaluc\u00eda\"},\"image\":{\"@id\":\"https:\\\/\\\/www.oficiantebodasciviles.es\\\/fr\\\/#\\\/schema\\\/logo\\\/image\\\/\"}}]}<\/script>\n<!-- \/ Yoast SEO plugin. -->","yoast_head_json":{"title":"Portada Oficiante ceremonias civiles Motril, Granada - Officiant celebrant de mariages civils \u00e0 Malaga et province","description":"C\u00e9lebrant de c\u00e9r\u00e9monies civiles Malaga","robots":{"index":"index","follow":"follow","max-snippet":"max-snippet:-1","max-image-preview":"max-image-preview:large","max-video-preview":"max-video-preview:-1"},"canonical":"https:\/\/www.oficiantebodasciviles.es\/fr\/ceremonies-de-mariages-civiles\/portada-oficiante-ceremonias-civiles-2\/","og_locale":"fr_FR","og_type":"article","og_title":"Portada Oficiante ceremonias civiles Motril, Granada - Officiant celebrant de mariages civils \u00e0 Malaga et province","og_description":"C\u00e9lebrant de c\u00e9r\u00e9monies civiles Malaga","og_url":"https:\/\/www.oficiantebodasciviles.es\/fr\/ceremonies-de-mariages-civiles\/portada-oficiante-ceremonias-civiles-2\/","og_site_name":"Officiant celebrant de mariages civils \u00e0 Malaga et province","article_modified_time":"2016-11-19T14:37:48+00:00","og_image":[{"width":948,"height":711,"url":"https:\/\/www.oficiantebodasciviles.es\/wp-content\/uploads\/2016\/08\/Portada-Oficiante-ceremonias-civiles.jpg","type":"image\/jpeg"}],"twitter_card":"summary_large_image","schema":{"@context":"https:\/\/schema.org","@graph":[{"@type":"WebPage","@id":"https:\/\/www.oficiantebodasciviles.es\/fr\/ceremonies-de-mariages-civiles\/portada-oficiante-ceremonias-civiles-2\/","url":"https:\/\/www.oficiantebodasciviles.es\/fr\/ceremonies-de-mariages-civiles\/portada-oficiante-ceremonias-civiles-2\/","name":"Portada Oficiante ceremonias civiles Motril, Granada - Officiant celebrant de mariages civils \u00e0 Malaga et province","isPartOf":{"@id":"https:\/\/www.oficiantebodasciviles.es\/fr\/#website"},"datePublished":"2016-08-30T11:17:43+00:00","dateModified":"2016-11-19T14:37:48+00:00","description":"C\u00e9lebrant de c\u00e9r\u00e9monies civiles Malaga","breadcrumb":{"@id":"https:\/\/www.oficiantebodasciviles.es\/fr\/ceremonies-de-mariages-civiles\/portada-oficiante-ceremonias-civiles-2\/#breadcrumb"},"inLanguage":"fr-FR","potentialAction":[{"@type":"ReadAction","target":["https:\/\/www.oficiantebodasciviles.es\/fr\/ceremonies-de-mariages-civiles\/portada-oficiante-ceremonias-civiles-2\/"]}]},{"@type":"BreadcrumbList","@id":"https:\/\/www.oficiantebodasciviles.es\/fr\/ceremonies-de-mariages-civiles\/portada-oficiante-ceremonias-civiles-2\/#breadcrumb","itemListElement":[{"@type":"ListItem","position":1,"name":"Portada","item":"https:\/\/www.oficiantebodasciviles.es\/fr\/"},{"@type":"ListItem","position":2,"name":"C\u00e9r\u00e9monies de Mariages Civiles","item":"https:\/\/www.oficiantebodasciviles.es\/fr\/"},{"@type":"ListItem","position":3,"name":"Portada Oficiante ceremonias civiles Motril, Granada"}]},{"@type":"WebSite","@id":"https:\/\/www.oficiantebodasciviles.es\/fr\/#website","url":"https:\/\/www.oficiantebodasciviles.es\/fr\/","name":"Oficiantes","description":"Bodas civiles en Andaluc\u00eda.","publisher":{"@id":"https:\/\/www.oficiantebodasciviles.es\/fr\/#organization"},"potentialAction":[{"@type":"SearchAction","target":{"@type":"EntryPoint","urlTemplate":"https:\/\/www.oficiantebodasciviles.es\/fr\/?s={search_term_string}"},"query-input":{"@type":"PropertyValueSpecification","valueRequired":true,"valueName":"search_term_string"}}],"inLanguage":"fr-FR"},{"@type":"Organization","@id":"https:\/\/www.oficiantebodasciviles.es\/fr\/#organization","name":"Oficiantes Andaluc\u00eda","url":"https:\/\/www.oficiantebodasciviles.es\/fr\/","logo":{"@type":"ImageObject","inLanguage":"fr-FR","@id":"https:\/\/www.oficiantebodasciviles.es\/fr\/#\/schema\/logo\/image\/","url":"https:\/\/www.oficiantebodasciviles.es\/wp-content\/uploads\/2016\/08\/Tarjeta-oficiante-bodas-300x300-1.png","contentUrl":"https:\/\/www.oficiantebodasciviles.es\/wp-content\/uploads\/2016\/08\/Tarjeta-oficiante-bodas-300x300-1.png","width":142,"height":136,"caption":"Oficiantes Andaluc\u00eda"},"image":{"@id":"https:\/\/www.oficiantebodasciviles.es\/fr\/#\/schema\/logo\/image\/"}}]}},"smush":{"stats":{"percent":5.15,"bytes":8230,"size_before":159672,"size_after":151442,"time":0.18,"api_version":"1.0","lossy":1,"keep_exif":0},"sizes":{"thumbnail":{"time":0.05,"bytes":593,"percent":7.53,"size_before":7879,"size_after":7286},"medium":{"time":0.16,"bytes":1049,"percent":5.79,"size_before":18110,"size_after":17061},"medium_large":{"time":0.35,"bytes":3467,"percent":4.4,"size_before":78812,"size_after":75345},"ci_featured_single":{"time":0.3,"bytes":2629,"percent":4.57,"size_before":57587,"size_after":54958},"ci_featgal_small_thumb":{"time":0.05,"bytes":349,"percent":8.04,"size_before":4341,"size_after":3992},"post-thumbnail":{"time":0.29,"bytes":2727,"percent":5.13,"size_before":53120,"size_after":50393},"ci_portfolio_thumb":{"time":0.1,"bytes":1446,"percent":5.56,"size_before":26012,"size_after":24566},"ci_portfolio_slider":{"time":0.35,"bytes":3338,"percent":4.34,"size_before":76863,"size_after":73525},"full":{"percent":11.67,"bytes":63271,"size_before":542366,"size_after":479095,"time":0.17},"woocommerce_gallery_thumbnail":{"time":0.02,"bytes":594,"percent":7.54,"size_before":7883,"size_after":7289},"woocommerce_single":{"time":0.05,"bytes":2419,"percent":4.99,"size_before":48435,"size_after":46016},"woocommerce_thumbnail":{"time":0.11,"bytes":5217,"percent":5.05,"size_before":103354,"size_after":98137}}},"description":{"rendered":"<p class=\"attachment\"><a href='https:\/\/www.oficiantebodasciviles.es\/wp-content\/uploads\/2016\/08\/Portada-Oficiante-ceremonias-civiles.jpg' rel=\"fancybox[295]\"><img loading=\"lazy\" decoding=\"async\" width=\"300\" height=\"225\" src=\"https:\/\/www.oficiantebodasciviles.es\/wp-content\/uploads\/2016\/08\/Portada-Oficiante-ceremonias-civiles-300x225.jpg\" class=\"attachment-medium size-medium\" alt=\"Oficiante bodas, actor ceremonias civiles Andalucia blessing ceremony English Spanish French\" srcset=\"https:\/\/www.oficiantebodasciviles.es\/wp-content\/uploads\/2016\/08\/Portada-Oficiante-ceremonias-civiles-300x225.jpg 300w, https:\/\/www.oficiantebodasciviles.es\/wp-content\/uploads\/2016\/08\/Portada-Oficiante-ceremonias-civiles-560x420.jpg 560w, https:\/\/www.oficiantebodasciviles.es\/wp-content\/uploads\/2016\/08\/Portada-Oficiante-ceremonias-civiles-768x576.jpg 768w, https:\/\/www.oficiantebodasciviles.es\/wp-content\/uploads\/2016\/08\/Portada-Oficiante-ceremonias-civiles-750x563.jpg 750w, https:\/\/www.oficiantebodasciviles.es\/wp-content\/uploads\/2016\/08\/Portada-Oficiante-ceremonias-civiles.jpg 948w\" sizes=\"auto, (max-width: 300px) 100vw, 300px\" \/><\/a><\/p>\n"},"caption":{"rendered":""},"alt_text":"Oficiante bodas, actor ceremonias civiles Andalucia blessing ceremony English Spanish French","media_type":"image","mime_type":"image\/jpeg","media_details":{"width":948,"height":711,"file":"2016\/08\/Portada-Oficiante-ceremonias-civiles.jpg","filesize":479095,"sizes":{"woocommerce_thumbnail":{"file":"Portada-Oficiante-ceremonias-civiles-750x711.jpg","width":750,"height":711,"filesize":103354,"mime_type":"image\/jpeg","source_url":"https:\/\/www.oficiantebodasciviles.es\/wp-content\/uploads\/2016\/08\/Portada-Oficiante-ceremonias-civiles-750x711.jpg"},"woocommerce_gallery_thumbnail":{"file":"Portada-Oficiante-ceremonias-civiles-150x150.jpg","width":150,"height":150,"filesize":7883,"mime_type":"image\/jpeg","source_url":"https:\/\/www.oficiantebodasciviles.es\/wp-content\/uploads\/2016\/08\/Portada-Oficiante-ceremonias-civiles-150x150.jpg"},"woocommerce_single":{"file":"Portada-Oficiante-ceremonias-civiles-560x420.jpg","width":560,"height":420,"filesize":48435,"mime_type":"image\/jpeg","source_url":"https:\/\/www.oficiantebodasciviles.es\/wp-content\/uploads\/2016\/08\/Portada-Oficiante-ceremonias-civiles-560x420.jpg"},"thumbnail":{"file":"Portada-Oficiante-ceremonias-civiles-150x150.jpg","width":150,"height":150,"filesize":0,"mime_type":"image\/jpeg","source_url":"https:\/\/www.oficiantebodasciviles.es\/wp-content\/uploads\/2016\/08\/Portada-Oficiante-ceremonias-civiles-150x150.jpg"},"medium":{"file":"Portada-Oficiante-ceremonias-civiles-300x225.jpg","width":300,"height":225,"filesize":0,"mime_type":"image\/jpeg","source_url":"https:\/\/www.oficiantebodasciviles.es\/wp-content\/uploads\/2016\/08\/Portada-Oficiante-ceremonias-civiles-300x225.jpg"},"medium_large":{"file":"Portada-Oficiante-ceremonias-civiles-768x576.jpg","width":768,"height":576,"filesize":0,"mime_type":"image\/jpeg","source_url":"https:\/\/www.oficiantebodasciviles.es\/wp-content\/uploads\/2016\/08\/Portada-Oficiante-ceremonias-civiles-768x576.jpg"},"ci_featured_single":{"file":"Portada-Oficiante-ceremonias-civiles-750x375.jpg","width":750,"height":375,"filesize":0,"mime_type":"image\/jpeg","source_url":"https:\/\/www.oficiantebodasciviles.es\/wp-content\/uploads\/2016\/08\/Portada-Oficiante-ceremonias-civiles-750x375.jpg"},"ci_featgal_small_thumb":{"file":"Portada-Oficiante-ceremonias-civiles-100x100.jpg","width":100,"height":100,"filesize":0,"mime_type":"image\/jpeg","source_url":"https:\/\/www.oficiantebodasciviles.es\/wp-content\/uploads\/2016\/08\/Portada-Oficiante-ceremonias-civiles-100x100.jpg"},"post-thumbnail":{"file":"Portada-Oficiante-ceremonias-civiles-500x500.jpg","width":500,"height":500,"filesize":0,"mime_type":"image\/jpeg","source_url":"https:\/\/www.oficiantebodasciviles.es\/wp-content\/uploads\/2016\/08\/Portada-Oficiante-ceremonias-civiles-500x500.jpg"},"ci_portfolio_thumb":{"file":"Portada-Oficiante-ceremonias-civiles-400x270.jpg","width":400,"height":270,"filesize":0,"mime_type":"image\/jpeg","source_url":"https:\/\/www.oficiantebodasciviles.es\/wp-content\/uploads\/2016\/08\/Portada-Oficiante-ceremonias-civiles-400x270.jpg"},"ci_portfolio_slider":{"file":"Portada-Oficiante-ceremonias-civiles-750x563.jpg","width":750,"height":563,"filesize":0,"mime_type":"image\/jpeg","source_url":"https:\/\/www.oficiantebodasciviles.es\/wp-content\/uploads\/2016\/08\/Portada-Oficiante-ceremonias-civiles-750x563.jpg"},"full":{"file":"Portada-Oficiante-ceremonias-civiles.jpg","width":948,"height":711,"mime_type":"image\/jpeg","source_url":"https:\/\/www.oficiantebodasciviles.es\/wp-content\/uploads\/2016\/08\/Portada-Oficiante-ceremonias-civiles.jpg"}},"image_meta":{"aperture":"0","credit":"","camera":"","caption":"","created_timestamp":"0","copyright":"","focal_length":"0","iso":"0","shutter_speed":"0","title":"","orientation":"0","keywords":[]}},"post":410,"source_url":"https:\/\/www.oficiantebodasciviles.es\/wp-content\/uploads\/2016\/08\/Portada-Oficiante-ceremonias-civiles.jpg","_links":{"self":[{"href":"https:\/\/www.oficiantebodasciviles.es\/fr\/wp-json\/wp\/v2\/media\/295","targetHints":{"allow":["GET"]}}],"collection":[{"href":"https:\/\/www.oficiantebodasciviles.es\/fr\/wp-json\/wp\/v2\/media"}],"about":[{"href":"https:\/\/www.oficiantebodasciviles.es\/fr\/wp-json\/wp\/v2\/types\/attachment"}],"author":[{"embeddable":true,"href":"https:\/\/www.oficiantebodasciviles.es\/fr\/wp-json\/wp\/v2\/users\/1"}],"replies":[{"embeddable":true,"href":"https:\/\/www.oficiantebodasciviles.es\/fr\/wp-json\/wp\/v2\/comments?post=295"}],"wp:attached-to":[{"embeddable":true,"post_type":"page","id":410,"href":"https:\/\/www.oficiantebodasciviles.es\/fr\/wp-json\/wp\/v2\/pages\/410"}],"curies":[{"name":"wp","href":"https:\/\/api.w.org\/{rel}","templated":true}]}}