{"version":"1.0","provider_name":"Officiant celebrant de mariages civils \u00e0 Malaga et province","provider_url":"https:\/\/www.oficiantebodasciviles.es\/fr\/","title":"Oficiant de c\u00e9r\u00e9monie civile \u00e0 Parque del R\u00edo, V\u00e9lez-M\u00e1laga","type":"rich","width":600,"height":338,"html":"<blockquote class=\"wp-embedded-content\" data-secret=\"2iFIahGGEG\"><a href=\"https:\/\/www.oficiantebodasciviles.es\/fr\/oficiant-ceremonie-civile-parque-del-rio-velez-malaga\/\">Oficiant de c\u00e9r\u00e9monie civile \u00e0 Parque del R\u00edo, V\u00e9lez-M\u00e1laga<\/a><\/blockquote><iframe sandbox=\"allow-scripts\" security=\"restricted\" src=\"https:\/\/www.oficiantebodasciviles.es\/fr\/oficiant-ceremonie-civile-parque-del-rio-velez-malaga\/embed\/#?secret=2iFIahGGEG\" width=\"600\" height=\"338\" title=\"\u00ab\u00a0Oficiant de c\u00e9r\u00e9monie civile \u00e0 Parque del R\u00edo, V\u00e9lez-M\u00e1laga\u00a0\u00bb &#8212; Officiant celebrant de mariages civils \u00e0 Malaga et province\" data-secret=\"2iFIahGGEG\" frameborder=\"0\" marginwidth=\"0\" marginheight=\"0\" scrolling=\"no\" class=\"wp-embedded-content\"><\/iframe><script>\n\/*! This file is auto-generated *\/\n!function(d,l){\"use strict\";l.querySelector&&d.addEventListener&&\"undefined\"!=typeof URL&&(d.wp=d.wp||{},d.wp.receiveEmbedMessage||(d.wp.receiveEmbedMessage=function(e){var t=e.data;if((t||t.secret||t.message||t.value)&&!\/[^a-zA-Z0-9]\/.test(t.secret)){for(var s,r,n,a=l.querySelectorAll('iframe[data-secret=\"'+t.secret+'\"]'),o=l.querySelectorAll('blockquote[data-secret=\"'+t.secret+'\"]'),c=new RegExp(\"^https?:$\",\"i\"),i=0;i<o.length;i++)o[i].style.display=\"none\";for(i=0;i<a.length;i++)s=a[i],e.source===s.contentWindow&&(s.removeAttribute(\"style\"),\"height\"===t.message?(1e3<(r=parseInt(t.value,10))?r=1e3:~~r<200&&(r=200),s.height=r):\"link\"===t.message&&(r=new URL(s.getAttribute(\"src\")),n=new URL(t.value),c.test(n.protocol))&&n.host===r.host&&l.activeElement===s&&(d.top.location.href=t.value))}},d.addEventListener(\"message\",d.wp.receiveEmbedMessage,!1),l.addEventListener(\"DOMContentLoaded\",function(){for(var e,t,s=l.querySelectorAll(\"iframe.wp-embedded-content\"),r=0;r<s.length;r++)(t=(e=s[r]).getAttribute(\"data-secret\"))||(t=Math.random().toString(36).substring(2,12),e.src+=\"#?secret=\"+t,e.setAttribute(\"data-secret\",t)),e.contentWindow.postMessage({message:\"ready\",secret:t},\"*\")},!1)))}(window,document);\n\/\/# sourceURL=https:\/\/www.oficiantebodasciviles.es\/wp-includes\/js\/wp-embed.min.js\n<\/script>\n","thumbnail_url":"https:\/\/www.oficiantebodasciviles.es\/wp-content\/uploads\/2016\/12\/Ceremonia-civil-en-Parque-del-R\u00edo-Torre-del-Mar-F03-1.jpg","thumbnail_width":600,"thumbnail_height":340,"description":"Une pr\u00e9sentation originale de la c\u00e9r\u00e9monie civile, avec la mari\u00e9e et le mari\u00e9 assis devant les invit\u00e9s, dans des fauteuils. De la part de la mari\u00e9e ne prend en compte si la robe porte cancan pour ce type de si\u00e8ges, mais ce n'\u00e9tait pas le cas et les invit\u00e9s pouvaient voir le visage du couple lors de la c\u00e9r\u00e9monie."}